{"version":"1.0","provider_name":"Songazine","provider_url":"http:\/\/songazine.fr\/v2","author_name":"Pascale","author_url":"http:\/\/songazine.fr\/v2\/author\/pascale\/","title":"Ben l'Oncle Soul f\u00eate les 30 ans de l'Estival | Songazine","type":"rich","width":600,"height":338,"html":"<blockquote class=\"wp-embedded-content\"><a href=\"http:\/\/songazine.fr\/v2\/ben-loncle-soul-fete-30-ans-de-lestival\/\">Ben l&rsquo;Oncle Soul f\u00eate les 30 ans de l&rsquo;Estival<\/a><\/blockquote>\n<script type='text\/javascript'>\n<!--\/\/--><![CDATA[\/\/><!--\n\t\t\/*! This file is auto-generated *\/\n\t\t!function(d,l){\"use strict\";var e=!1,n=!1;if(l.querySelector)if(d.addEventListener)e=!0;if(d.wp=d.wp||{},!d.wp.receiveEmbedMessage)if(d.wp.receiveEmbedMessage=function(e){var t=e.data;if(t)if(t.secret||t.message||t.value)if(!\/[^a-zA-Z0-9]\/.test(t.secret)){for(var r,i,a,s=l.querySelectorAll('iframe[data-secret=\"'+t.secret+'\"]'),n=l.querySelectorAll('blockquote[data-secret=\"'+t.secret+'\"]'),o=new RegExp(\"^https?:$\",\"i\"),c=0;c<n.length;c++)n[c].style.display=\"none\";for(c=0;c<s.length;c++)if(r=s[c],e.source===r.contentWindow){if(r.removeAttribute(\"style\"),\"height\"===t.message){if(1e3<(a=parseInt(t.value,10)))a=1e3;else if(~~a<200)a=200;r.height=a}if(\"link\"===t.message)if(i=l.createElement(\"a\"),a=l.createElement(\"a\"),i.href=r.getAttribute(\"src\"),a.href=t.value,o.test(a.protocol))if(a.host===i.host)if(l.activeElement===r)d.top.location.href=t.value}}},e)d.addEventListener(\"message\",d.wp.receiveEmbedMessage,!1),l.addEventListener(\"DOMContentLoaded\",t,!1),d.addEventListener(\"load\",t,!1);function t(){if(!n){n=!0;for(var e,t,r=-1!==navigator.appVersion.indexOf(\"MSIE 10\"),i=!!navigator.userAgent.match(\/Trident.*rv:11\\.\/),a=l.querySelectorAll(\"iframe.wp-embedded-content\"),s=0;s<a.length;s++){if(!(e=a[s]).getAttribute(\"data-secret\"))t=Math.random().toString(36).substr(2,10),e.src+=\"#?secret=\"+t,e.setAttribute(\"data-secret\",t);if(r||i)(t=e.cloneNode(!0)).removeAttribute(\"security\"),e.parentNode.replaceChild(t,e)}}}}(window,document);\n\/\/--><!]]>\n<\/script><iframe sandbox=\"allow-scripts\" security=\"restricted\" src=\"http:\/\/songazine.fr\/v2\/ben-loncle-soul-fete-30-ans-de-lestival\/embed\/\" width=\"600\" height=\"338\" title=\"\u00ab\u00a0Ben l&rsquo;Oncle Soul f\u00eate les 30 ans de l&rsquo;Estival\u00a0\u00bb &#8212; Songazine\" frameborder=\"0\" marginwidth=\"0\" marginheight=\"0\" scrolling=\"no\" class=\"wp-embedded-content\"><\/iframe>","thumbnail_url":"http:\/\/songazine.fr\/v2\/wp-content\/uploads\/2017\/10\/Photo-Ben.jpg","thumbnail_width":640,"thumbnail_height":480,"description":"L\u2019Estival est un joli festival de musique qui met particuli\u00e8rement en avant la chanson francophone. Ce festival a lieu chaque ann\u00e9e fin septembre \u00e0 Saint-Germain-en-Laye (Yvelines), et il f\u00eate actuellement son 30\u00e8me anniversaire. Nous sommes all\u00e9s voir Ben l\u2019Oncle Soul qui passait hier au th\u00e9\u00e2tre Alexandre Dumas, et qui affichait complet depuis un moment. Introduction [&hellip;]"}